{"id":195960,"date":"2021-10-21T11:20:08","date_gmt":"2021-10-21T16:20:08","guid":{"rendered":"https:\/\/www.ucm.edu.co\/?post_type=tribe_events&#038;p=195960"},"modified":"2021-11-03T10:01:39","modified_gmt":"2021-11-03T15:01:39","slug":"dia-institucional-de-la-investigacion-2021","status":"publish","type":"tribe_events","link":"https:\/\/www.ucm.edu.co\/en\/event\/dia-institucional-de-la-investigacion-2021\/","title":{"rendered":"D\u00eda Institucional de la Investigaci\u00f3n 2021"},"content":{"rendered":"<p>The <strong>D\u00eda Institucional de la Investigaci\u00f3n<\/strong> conmemora el compromiso de la Universidad Cat\u00f3lica de Manizales con la generaci\u00f3n de conocimiento, el crecimiento cient\u00edfico al interior de la Instituci\u00f3n y la transferencia de resultados de investigaci\u00f3n en contextos tecnol\u00f3gicos y sociales. Este espacio permite evidenciar los desarrollos y resultados de los profesores investigadores, exaltando experiencias significativas y exitosas de procesos de investigaci\u00f3n que han tenido impacto en los \u00e1mbitos social, econ\u00f3mico, pol\u00edtico, ambiental y cultural.<\/p>\n<p>&nbsp;<\/p>\n<table class=\"wp-block-table is-style-stripes tabla_generica\">\n<tbody>\n<tr>\n<th width=\"123\"><strong>Hora<\/strong><\/th>\n<th width=\"453\"><strong>Actividad<\/strong><\/th>\n<\/tr>\n<\/tbody>\n<tbody>\n<tr>\n<td width=\"123\">7:30 &#8211; 8:00 a.\u00a0m.<\/td>\n<td width=\"453\">Ingreso de participantes a sala virtual ZOOM\u00a0 <a href=\"https:\/\/ucm-co.zoom.us\/j\/5513290885%20\">https:\/\/ucm-co.zoom.us\/j\/5513290885<\/a><\/p>\n<p>Contrase\u00f1a: asuntosins<\/td>\n<\/tr>\n<tr>\n<td width=\"123\">8:00 &#8211; 8:30 a.\u00a0m.<\/td>\n<td width=\"453\">\n<ul>\n<li>Instalaci\u00f3n del evento (himnos)<\/li>\n<li><span style=\"font-family: inherit; font-size: inherit;\"><strong>Palabras de apertura<\/strong><br \/>\nHna. Mgtra. Mar\u00eda Elizabeth Caicedo Caicedo, rectora de la UCM; Hna. Gloria Estela Rol\u00f3n D\u00edaz, vicerrectora acad\u00e9mica de la UCM; y Eduardo Javid Corpas Iguar\u00e1n, PhD., director de investigaciones y posgrados de la UCM.<\/span><\/li>\n<\/ul>\n<\/td>\n<\/tr>\n<tr>\n<td width=\"123\">8:30 &#8211; 8:40 a.\u00a0m.<\/td>\n<td width=\"453\">Video \u201cLos significados de la p\u00e9rdida\u201d<\/td>\n<\/tr>\n<tr>\n<td width=\"123\">8:40 &#8211; 10:00 a.\u00a0m.<\/td>\n<td width=\"453\"><strong>Lanzamiento de libros resultado de investigaci\u00f3n publicados por el Centro Editorial UCM <\/strong><\/p>\n<ul>\n<li><span style=\"font-family: inherit; font-size: inherit;\">Palabras de presentaci\u00f3n de Carlos Manuel Var\u00f3n Casta\u00f1eda, editor cient\u00edfico de la UCM <\/span><\/li>\n<li>Presentaci\u00f3n del libro <em>Comunicaci\u00f3n, responsabilidad social y sostenibilidad: perspectivas desde Colombia, Ecuador, Chile y Norteam\u00e9rica<\/em>. <strong>David Andr\u00e9s D\u00edez G\u00f3mez<\/strong> (autor y compilador), Gloria Yaneth Fl\u00f3rez, Ana Mar\u00eda Dur\u00e1n, Jaime Orozco Toro, Melita Vega Auquilla, Pablo Matus, Caroline \u00c1vila, Aar\u00f3n D\u00edaz Mendiburo, Juan Carlos S\u00e1nchez L\u00f3pez.<\/li>\n<li>Presentaci\u00f3n del libro <em>Encuentros de conocimiento y aprendizaje: escenario para la formaci\u00f3n en contexto. Sistematizaci\u00f3n de la experiencia \u201cSUMA Proyecci\u00f3n\u201d<\/em>. <strong>Doris Hincapi\u00e9 Ram\u00edrez<\/strong>, Mar\u00eda del Socorro Candamil Calle, Jorge Enrique Camacho Medina, Gloria Patricia Castrill\u00f3n Arias, Diana Marcela Garc\u00eda Mu\u00f1oz, Jos\u00e9 Fernando Olarte Osorio, Norma Patricia Vela Murillo.<\/li>\n<li>Presentaci\u00f3n del libro <em>Modelo de planificaci\u00f3n ambiental en instituciones de educaci\u00f3n superior: aportando a la construcci\u00f3n de un campus vital en la UCM<\/em>. <strong>Paola Andrea Calder\u00f3n Cuartas<\/strong>, Jhon Jairo \u00c1ngel Hern\u00e1ndez y Javier Mauricio Naranjo Vasco.<\/li>\n<li>Presentaci\u00f3n del libro <em>Cuadernos de educaci\u00f3n y alteridad III: entre el cuidado y la experiencia<\/em>. <strong>Diego Armando Jaramillo Ocampo<\/strong> (autor y compilador), Jhon Fredy Orrego (autor y compilador), Diana Paredes Oviedo, M\u00f3nica Motato Garc\u00eda, Paula P\u00e9rez Reyes, Mar\u00eda Henao S\u00e1nchez, Luis Guillermo Restrepo, Leidy Morales Giraldo, Claudia Valencia Rico, Erika Cort\u00e9s Morales, Carmen Garrido Fonseca, Susana de la Ossa Robinson, Tany Fern\u00e1ndez Guayana y Luz Toro Gonz\u00e1lez.<\/li>\n<\/ul>\n<\/td>\n<\/tr>\n<tr>\n<td width=\"123\">10:00 &#8211; 10:15 a.\u00a0m.<\/td>\n<td width=\"453\">Receso<\/td>\n<\/tr>\n<tr>\n<td width=\"123\">10:15 &#8211; 10:45 a.\u00a0m.<\/td>\n<td width=\"453\"><strong><strong>Conferencia<br \/>\n<\/strong><\/strong>\u201cTransferencia y uso del conocimiento: una visi\u00f3n desde el Estado\u201d A cargo de un representante de la Direcci\u00f3n de Transferencia y Uso de Conocimiento del Minciencias.<\/td>\n<\/tr>\n<tr>\n<td width=\"123\">10:45 &#8211; 11:45 a.m.<\/td>\n<td width=\"453\"><strong>Foro<\/strong><br \/>\n\u201cTransferencia y uso del conocimiento desde la interacci\u00f3n UEES\u201d<em>Panelistas:<\/em><\/p>\n<ul>\n<li><strong>Mgtr. V\u00edctor Manuel Reyes Peniche<\/strong>, director de WakeUpBrain Academy<\/li>\n<li><strong>Representante de la Direcci\u00f3n de Transferencia y Uso de Conocimiento<\/strong> del Minciencias.<\/li>\n<li><strong>Mgtra. Elizabeth Bernal Gamboa<\/strong>, coordinadora acad\u00e9mica de la Asociaci\u00f3n Colombiana de Universidades (Asc\u00fan)<\/li>\n<li><strong>Ingeniero Luis Carlos Botero Id\u00e1rraga<\/strong>, director de investigaci\u00f3n, desarrollo tecnol\u00f3gico e innovaci\u00f3n de I D i Induma S. C. A.<\/li>\n<\/ul>\n<p><em>Moderador del panel: <\/em><strong>Eduardo Javid Corpas Iguar\u00e1n, PhD.<\/strong>, director de investigaciones y posgrados de la UCM.<\/td>\n<\/tr>\n<tr>\n<td width=\"123\">11:45 &#8211; 2:00 p.\u00a0m.<\/td>\n<td width=\"453\">Receso<\/td>\n<\/tr>\n<tr>\n<td width=\"123\">2:00 &#8211; 2:30 p.\u00a0m.<\/td>\n<td width=\"453\"><strong>Conversatorio<\/strong><\/p>\n<div><span lang=\"ES\">\u201cHerencia indeleble: aportes del doctor Silvio Cardona Gonz\u00e1lez a los humanismos emergentes en perspectiva de transferencia y uso del conocimiento\u201d, a cargo de Samuel Pati\u00f1o Agudelo, PhD.; Juan Carlos Palacio Bernal, PhD. (C); y doctor honoris causa Gustavo Arias Arteaga.<\/span><\/div>\n<\/td>\n<\/tr>\n<tr>\n<td width=\"123\">2:30 &#8211; 3:30 p.\u00a0m.<\/td>\n<td width=\"453\">\n<div>\n<p class=\"TableParagraph\"><b><span lang=\"ES\">Presentaci\u00f3n de proyectos de investigaci\u00f3n con enfoque innovador que aportan al cumplimiento de los Objetivos de Desarrollo Sostenible \u00a0<\/span><\/b><\/p>\n<\/div>\n<ul>\n<li>Faculty of Engineering and Architecture<\/li>\n<li><span style=\"font-family: inherit; font-size: inherit;\">Faculty of Education<\/span><\/li>\n<li><span style=\"font-family: inherit; font-size: inherit;\">Faculty of Health Sciences<\/span><\/li>\n<li><span style=\"font-family: inherit; font-size: inherit;\">Faculty of Business Administration<\/span><\/li>\n<li><span style=\"font-family: inherit; font-size: inherit;\">Faculty of Social Sciences, Humanities and Theology<\/span><\/li>\n<\/ul>\n<\/td>\n<\/tr>\n<tr>\n<td width=\"123\">3:30 &#8211; 4:00 p.\u00a0m.<\/td>\n<td width=\"453\">Lectura de los reconocimientos a la labor investigativa de los colaboradores UCM<\/p>\n<p><strong>Distinci\u00f3n Medalla al M\u00e9rito Investigativo<\/strong><\/td>\n<\/tr>\n<\/tbody>\n<\/table>","protected":false},"excerpt":{"rendered":"<p>El D\u00eda Institucional de la Investigaci\u00f3n conmemora el compromiso de la Universidad Cat\u00f3lica de Manizales con la generaci\u00f3n de conocimiento, el crecimiento cient\u00edfico al interior de la Instituci\u00f3n y la [&hellip;]<\/p>\n","protected":false},"author":8,"featured_media":196630,"template":"","meta":{"_et_pb_use_builder":"","_et_pb_old_content":"","_et_gb_content_width":"","content-type":"","_monsterinsights_skip_tracking":false,"_tribe_events_status":"","_tribe_events_status_reason":"","footnotes":""},"tags":[],"tribe_events_cat":[221],"class_list":["post-195960","tribe_events","type-tribe_events","status-publish","has-post-thumbnail","hentry","tribe_events_cat-academico","cat_academico"],"yoast_head":"<!-- This site is optimized with the Yoast SEO plugin v28.1 - https:\/\/yoast.com\/product\/yoast-seo-wordpress\/ -->\n<title>D\u00eda Institucional de la Investigaci\u00f3n 2021 - UCM - Universidad Cat\u00f3lica de Manizales<\/title>\n<meta name=\"robots\" content=\"index, follow, max-snippet:-1, max-image-preview:large, max-video-preview:-1\" \/>\n<link rel=\"canonical\" href=\"https:\/\/www.ucm.edu.co\/en\/event\/dia-institucional-de-la-investigacion-2021\/\" \/>\n<meta property=\"og:locale\" content=\"en_US\" \/>\n<meta property=\"og:type\" content=\"article\" \/>\n<meta property=\"og:title\" content=\"D\u00eda Institucional de la Investigaci\u00f3n 2021 - UCM - Universidad Cat\u00f3lica de Manizales\" \/>\n<meta property=\"og:description\" content=\"El D\u00eda Institucional de la Investigaci\u00f3n conmemora el compromiso de la Universidad Cat\u00f3lica de Manizales con la generaci\u00f3n de conocimiento, el crecimiento cient\u00edfico al interior de la Instituci\u00f3n y la [&hellip;]\" \/>\n<meta property=\"og:url\" content=\"https:\/\/www.ucm.edu.co\/en\/event\/dia-institucional-de-la-investigacion-2021\/\" \/>\n<meta property=\"og:site_name\" content=\"UCM - Universidad Cat\u00f3lica de Manizales\" \/>\n<meta property=\"article:publisher\" content=\"https:\/\/www.facebook.com\/ucatolicamanizales\" \/>\n<meta property=\"article:modified_time\" content=\"2021-11-03T15:01:39+00:00\" \/>\n<meta property=\"og:image\" content=\"https:\/\/www.ucm.edu.co\/wp-content\/uploads\/2021\/10\/destacada_dia_investigacion_2021.jpg\" \/>\n\t<meta property=\"og:image:width\" content=\"800\" \/>\n\t<meta property=\"og:image:height\" content=\"449\" \/>\n\t<meta property=\"og:image:type\" content=\"image\/jpeg\" \/>\n<meta name=\"twitter:card\" content=\"summary_large_image\" \/>\n<meta name=\"twitter:site\" content=\"@ucm_manizales\" \/>\n<meta name=\"twitter:label1\" content=\"Est. reading time\" \/>\n\t<meta name=\"twitter:data1\" content=\"3 minutes\" \/>\n<script type=\"application\/ld+json\" class=\"yoast-schema-graph\">{\"@context\":\"https:\\\/\\\/schema.org\",\"@graph\":[{\"@type\":\"WebPage\",\"@id\":\"https:\\\/\\\/www.ucm.edu.co\\\/event\\\/dia-institucional-de-la-investigacion-2021\\\/\",\"url\":\"https:\\\/\\\/www.ucm.edu.co\\\/event\\\/dia-institucional-de-la-investigacion-2021\\\/\",\"name\":\"D\u00eda Institucional de la Investigaci\u00f3n 2021 - UCM - Universidad Cat\u00f3lica de Manizales\",\"isPartOf\":{\"@id\":\"https:\\\/\\\/www.ucm.edu.co\\\/#website\"},\"primaryImageOfPage\":{\"@id\":\"https:\\\/\\\/www.ucm.edu.co\\\/event\\\/dia-institucional-de-la-investigacion-2021\\\/#primaryimage\"},\"image\":{\"@id\":\"https:\\\/\\\/www.ucm.edu.co\\\/event\\\/dia-institucional-de-la-investigacion-2021\\\/#primaryimage\"},\"thumbnailUrl\":\"https:\\\/\\\/www.ucm.edu.co\\\/wp-content\\\/uploads\\\/2021\\\/10\\\/destacada_dia_investigacion_2021.jpg\",\"datePublished\":\"2021-10-21T16:20:08+00:00\",\"dateModified\":\"2021-11-03T15:01:39+00:00\",\"breadcrumb\":{\"@id\":\"https:\\\/\\\/www.ucm.edu.co\\\/event\\\/dia-institucional-de-la-investigacion-2021\\\/#breadcrumb\"},\"inLanguage\":\"en-US\",\"potentialAction\":[{\"@type\":\"ReadAction\",\"target\":[\"https:\\\/\\\/www.ucm.edu.co\\\/event\\\/dia-institucional-de-la-investigacion-2021\\\/\"]}]},{\"@type\":\"ImageObject\",\"inLanguage\":\"en-US\",\"@id\":\"https:\\\/\\\/www.ucm.edu.co\\\/event\\\/dia-institucional-de-la-investigacion-2021\\\/#primaryimage\",\"url\":\"https:\\\/\\\/www.ucm.edu.co\\\/wp-content\\\/uploads\\\/2021\\\/10\\\/destacada_dia_investigacion_2021.jpg\",\"contentUrl\":\"https:\\\/\\\/www.ucm.edu.co\\\/wp-content\\\/uploads\\\/2021\\\/10\\\/destacada_dia_investigacion_2021.jpg\",\"width\":800,\"height\":449},{\"@type\":\"BreadcrumbList\",\"@id\":\"https:\\\/\\\/www.ucm.edu.co\\\/event\\\/dia-institucional-de-la-investigacion-2021\\\/#breadcrumb\",\"itemListElement\":[{\"@type\":\"ListItem\",\"position\":1,\"name\":\"Portada\",\"item\":\"https:\\\/\\\/www.ucm.edu.co\\\/\"},{\"@type\":\"ListItem\",\"position\":2,\"name\":\"Eventos\",\"item\":\"https:\\\/\\\/www.ucm.edu.co\\\/events\\\/\"},{\"@type\":\"ListItem\",\"position\":3,\"name\":\"D\u00eda Institucional de la Investigaci\u00f3n 2021\"}]},{\"@type\":\"WebSite\",\"@id\":\"https:\\\/\\\/www.ucm.edu.co\\\/#website\",\"url\":\"https:\\\/\\\/www.ucm.edu.co\\\/\",\"name\":\"UCM - Universidad Cat\u00f3lica de Manizales\",\"description\":\"Ven a ser quien quieres ser\",\"publisher\":{\"@id\":\"https:\\\/\\\/www.ucm.edu.co\\\/#organization\"},\"alternateName\":\"UCM\",\"potentialAction\":[{\"@type\":\"SearchAction\",\"target\":{\"@type\":\"EntryPoint\",\"urlTemplate\":\"https:\\\/\\\/www.ucm.edu.co\\\/?s={search_term_string}\"},\"query-input\":{\"@type\":\"PropertyValueSpecification\",\"valueRequired\":true,\"valueName\":\"search_term_string\"}}],\"inLanguage\":\"en-US\"},{\"@type\":\"Organization\",\"@id\":\"https:\\\/\\\/www.ucm.edu.co\\\/#organization\",\"name\":\"Universidad Cat\u00f3lica de Manizales\",\"alternateName\":\"UCM\",\"url\":\"https:\\\/\\\/www.ucm.edu.co\\\/\",\"logo\":{\"@type\":\"ImageObject\",\"inLanguage\":\"en-US\",\"@id\":\"https:\\\/\\\/www.ucm.edu.co\\\/#\\\/schema\\\/logo\\\/image\\\/\",\"url\":\"https:\\\/\\\/www.ucm.edu.co\\\/wp-content\\\/uploads\\\/2021\\\/03\\\/favicon_ucm.png\",\"contentUrl\":\"https:\\\/\\\/www.ucm.edu.co\\\/wp-content\\\/uploads\\\/2021\\\/03\\\/favicon_ucm.png\",\"width\":512,\"height\":512,\"caption\":\"Universidad Cat\u00f3lica de Manizales\"},\"image\":{\"@id\":\"https:\\\/\\\/www.ucm.edu.co\\\/#\\\/schema\\\/logo\\\/image\\\/\"},\"sameAs\":[\"https:\\\/\\\/www.facebook.com\\\/ucatolicamanizales\",\"https:\\\/\\\/x.com\\\/ucm_manizales\",\"https:\\\/\\\/www.instagram.com\\\/ucatolicamanizales\\\/\",\"https:\\\/\\\/co.linkedin.com\\\/school\\\/ucatolicamanizales\\\/\",\"https:\\\/\\\/www.youtube.com\\\/user\\\/UCMtelevision\"]}]}<\/script>\n<!-- \/ Yoast SEO plugin. -->","yoast_head_json":{"title":"D\u00eda Institucional de la Investigaci\u00f3n 2021 - UCM - Universidad Cat\u00f3lica de Manizales","robots":{"index":"index","follow":"follow","max-snippet":"max-snippet:-1","max-image-preview":"max-image-preview:large","max-video-preview":"max-video-preview:-1"},"canonical":"https:\/\/www.ucm.edu.co\/en\/event\/dia-institucional-de-la-investigacion-2021\/","og_locale":"en_US","og_type":"article","og_title":"D\u00eda Institucional de la Investigaci\u00f3n 2021 - UCM - Universidad Cat\u00f3lica de Manizales","og_description":"El D\u00eda Institucional de la Investigaci\u00f3n conmemora el compromiso de la Universidad Cat\u00f3lica de Manizales con la generaci\u00f3n de conocimiento, el crecimiento cient\u00edfico al interior de la Instituci\u00f3n y la [&hellip;]","og_url":"https:\/\/www.ucm.edu.co\/en\/event\/dia-institucional-de-la-investigacion-2021\/","og_site_name":"UCM - Universidad Cat\u00f3lica de Manizales","article_publisher":"https:\/\/www.facebook.com\/ucatolicamanizales","article_modified_time":"2021-11-03T15:01:39+00:00","og_image":[{"width":800,"height":449,"url":"https:\/\/www.ucm.edu.co\/wp-content\/uploads\/2021\/10\/destacada_dia_investigacion_2021.jpg","type":"image\/jpeg"}],"twitter_card":"summary_large_image","twitter_site":"@ucm_manizales","twitter_misc":{"Est. reading time":"3 minutes"},"schema":{"@context":"https:\/\/schema.org","@graph":[{"@type":"WebPage","@id":"https:\/\/www.ucm.edu.co\/event\/dia-institucional-de-la-investigacion-2021\/","url":"https:\/\/www.ucm.edu.co\/event\/dia-institucional-de-la-investigacion-2021\/","name":"D\u00eda Institucional de la Investigaci\u00f3n 2021 - UCM - Universidad Cat\u00f3lica de Manizales","isPartOf":{"@id":"https:\/\/www.ucm.edu.co\/#website"},"primaryImageOfPage":{"@id":"https:\/\/www.ucm.edu.co\/event\/dia-institucional-de-la-investigacion-2021\/#primaryimage"},"image":{"@id":"https:\/\/www.ucm.edu.co\/event\/dia-institucional-de-la-investigacion-2021\/#primaryimage"},"thumbnailUrl":"https:\/\/www.ucm.edu.co\/wp-content\/uploads\/2021\/10\/destacada_dia_investigacion_2021.jpg","datePublished":"2021-10-21T16:20:08+00:00","dateModified":"2021-11-03T15:01:39+00:00","breadcrumb":{"@id":"https:\/\/www.ucm.edu.co\/event\/dia-institucional-de-la-investigacion-2021\/#breadcrumb"},"inLanguage":"en-US","potentialAction":[{"@type":"ReadAction","target":["https:\/\/www.ucm.edu.co\/event\/dia-institucional-de-la-investigacion-2021\/"]}]},{"@type":"ImageObject","inLanguage":"en-US","@id":"https:\/\/www.ucm.edu.co\/event\/dia-institucional-de-la-investigacion-2021\/#primaryimage","url":"https:\/\/www.ucm.edu.co\/wp-content\/uploads\/2021\/10\/destacada_dia_investigacion_2021.jpg","contentUrl":"https:\/\/www.ucm.edu.co\/wp-content\/uploads\/2021\/10\/destacada_dia_investigacion_2021.jpg","width":800,"height":449},{"@type":"BreadcrumbList","@id":"https:\/\/www.ucm.edu.co\/event\/dia-institucional-de-la-investigacion-2021\/#breadcrumb","itemListElement":[{"@type":"ListItem","position":1,"name":"Portada","item":"https:\/\/www.ucm.edu.co\/"},{"@type":"ListItem","position":2,"name":"Eventos","item":"https:\/\/www.ucm.edu.co\/events\/"},{"@type":"ListItem","position":3,"name":"D\u00eda Institucional de la Investigaci\u00f3n 2021"}]},{"@type":"WebSite","@id":"https:\/\/www.ucm.edu.co\/#website","url":"https:\/\/www.ucm.edu.co\/","name":"UCM - Universidad Cat\u00f3lica de Manizales","description":"Ven a ser quien quieres ser","publisher":{"@id":"https:\/\/www.ucm.edu.co\/#organization"},"alternateName":"UCM","potentialAction":[{"@type":"SearchAction","target":{"@type":"EntryPoint","urlTemplate":"https:\/\/www.ucm.edu.co\/?s={search_term_string}"},"query-input":{"@type":"PropertyValueSpecification","valueRequired":true,"valueName":"search_term_string"}}],"inLanguage":"en-US"},{"@type":"Organization","@id":"https:\/\/www.ucm.edu.co\/#organization","name":"Universidad Cat\u00f3lica de Manizales","alternateName":"UCM","url":"https:\/\/www.ucm.edu.co\/","logo":{"@type":"ImageObject","inLanguage":"en-US","@id":"https:\/\/www.ucm.edu.co\/#\/schema\/logo\/image\/","url":"https:\/\/www.ucm.edu.co\/wp-content\/uploads\/2021\/03\/favicon_ucm.png","contentUrl":"https:\/\/www.ucm.edu.co\/wp-content\/uploads\/2021\/03\/favicon_ucm.png","width":512,"height":512,"caption":"Universidad Cat\u00f3lica de Manizales"},"image":{"@id":"https:\/\/www.ucm.edu.co\/#\/schema\/logo\/image\/"},"sameAs":["https:\/\/www.facebook.com\/ucatolicamanizales","https:\/\/x.com\/ucm_manizales","https:\/\/www.instagram.com\/ucatolicamanizales\/","https:\/\/co.linkedin.com\/school\/ucatolicamanizales\/","https:\/\/www.youtube.com\/user\/UCMtelevision"]}]}},"_links":{"self":[{"href":"https:\/\/www.ucm.edu.co\/en\/wp-json\/wp\/v2\/tribe_events\/195960","targetHints":{"allow":["GET"]}}],"collection":[{"href":"https:\/\/www.ucm.edu.co\/en\/wp-json\/wp\/v2\/tribe_events"}],"about":[{"href":"https:\/\/www.ucm.edu.co\/en\/wp-json\/wp\/v2\/types\/tribe_events"}],"author":[{"embeddable":true,"href":"https:\/\/www.ucm.edu.co\/en\/wp-json\/wp\/v2\/users\/8"}],"version-history":[{"count":15,"href":"https:\/\/www.ucm.edu.co\/en\/wp-json\/wp\/v2\/tribe_events\/195960\/revisions"}],"predecessor-version":[{"id":196632,"href":"https:\/\/www.ucm.edu.co\/en\/wp-json\/wp\/v2\/tribe_events\/195960\/revisions\/196632"}],"wp:featuredmedia":[{"embeddable":true,"href":"https:\/\/www.ucm.edu.co\/en\/wp-json\/wp\/v2\/media\/196630"}],"wp:attachment":[{"href":"https:\/\/www.ucm.edu.co\/en\/wp-json\/wp\/v2\/media?parent=195960"}],"wp:term":[{"taxonomy":"post_tag","embeddable":true,"href":"https:\/\/www.ucm.edu.co\/en\/wp-json\/wp\/v2\/tags?post=195960"},{"taxonomy":"tribe_events_cat","embeddable":true,"href":"https:\/\/www.ucm.edu.co\/en\/wp-json\/wp\/v2\/tribe_events_cat?post=195960"}],"curies":[{"name":"wp","href":"https:\/\/api.w.org\/{rel}","templated":true}]}}