{"id":194525,"date":"2021-09-17T08:21:14","date_gmt":"2021-09-17T13:21:14","guid":{"rendered":"https:\/\/www.ucm.edu.co\/?page_id=194525"},"modified":"2021-09-21T09:01:04","modified_gmt":"2021-09-21T14:01:04","slug":"semana-biblica-la-biblia-y-la-creacion","status":"publish","type":"page","link":"https:\/\/www.ucm.edu.co\/en\/semana-biblica-la-biblia-y-la-creacion\/","title":{"rendered":"Semana B\u00edblica, La Biblia y la creaci\u00f3n"},"content":{"rendered":"<p class=\"wp-block-paragraph\"><strong><em>\u201cY VIO DIOS TODO LO QUE HABIA HECHO: Y ERA MUY BUENO\u201d (Gn1,31<\/em>)<\/strong><\/p>\n\n\n\n<p class=\"wp-block-paragraph\">Toda la obra creadora brota de las manos de Dios y en nada contradice el axioma de una evoluci\u00f3n porque el creyente comprende, que, todo cuanto existe tiene un origen y ese es Dios, por eso, el primer libro en el que Dios ha hablado a la humanidad es su creaci\u00f3n, en ella ha expresado su amor, su belleza, su armon\u00eda y la imagen aut\u00e9ntica de un Dios que es vida y salvaci\u00f3n.<\/p>\n\n\n\n<p class=\"wp-block-paragraph\">El Papa Francisco lo ha ense\u00f1ado en su carta enc\u00edclica \u201cLaudato Si\u201d, al citar al profeta Jerem\u00edas:&nbsp;<strong><em>\u201c\u00bfAy, mi Se\u00f1or! T\u00fa hiciste el cielo y la tierra con t\u00fa gran poder, con brazo extendido -porque- nada es imposible para Ti\u201d<\/em><\/strong>&nbsp;(Jr 32,17).&nbsp;<\/p>\n\n\n\n<p class=\"wp-block-paragraph\">Ante tal derroche de generosidad y ternura que Dios ha ofrecido al ser humano \u00e9ste debe responder con una&nbsp;<strong>CONVERSION ECOLOGICA,&nbsp;<\/strong>porque es la hora y no hay otra para cuidar nuestra casa com\u00fan, pero, todo debe brotar de una espiritualidad del agradecimiento a Dios y de la responsabilidad frente a los dem\u00e1s, ya, que, en el lenguaje de Francisco de As\u00eds, el santo de la ecolog\u00eda, los otros son mis hermanos y hermanas, los seres humanos y la naturaleza.<\/p>\n\n\n\n<p class=\"wp-block-paragraph\">Es la hora \u201cde salir de s\u00ed hacia el otro\u201d para amar el mundo, la creaci\u00f3n y a todo ser humano que viene de Dios porque&nbsp;<strong><em>\u201c\u00a1Grandes y maravillosas son tus obras, Se\u00f1or Dios omnipotente, \u00a1justos y verdaderos tus caminos!\u201d<\/em><\/strong>&nbsp;(Ap 15,3).&nbsp;&nbsp;&nbsp;&nbsp;&nbsp;<\/p>\n\n\n\n<p class=\"wp-block-paragraph\">Por lo anterior, la Universidad Cat\u00f3lica de Manizales, en el marco del Tiempo de la Creaci\u00f3n, se une a la Iglesia en la celebraci\u00f3n de la Semana b\u00edblica, para fortalecer el compromiso cristiano de cuidar nuestra casa com\u00fan a trav\u00e9s de la reflexi\u00f3n y profundizaci\u00f3n de las Sagradas Escrituras.&nbsp;<\/p>","protected":false},"excerpt":{"rendered":"<p>\u201cY VIO DIOS TODO LO QUE HABIA HECHO: Y ERA MUY BUENO\u201d (Gn1,31) Toda la obra creadora brota de las manos de Dios y en nada contradice el axioma de [&hellip;]<\/p>\n","protected":false},"author":8,"featured_media":194638,"parent":0,"menu_order":312,"comment_status":"closed","ping_status":"closed","template":"","meta":{"_et_pb_use_builder":"","_et_pb_old_content":"","_et_gb_content_width":"","content-type":"","_monsterinsights_skip_tracking":false,"footnotes":""},"class_list":["post-194525","page","type-page","status-publish","has-post-thumbnail","hentry"],"yoast_head":"<!-- This site is optimized with the Yoast SEO plugin v28.1 - https:\/\/yoast.com\/product\/yoast-seo-wordpress\/ -->\n<title>Semana B\u00edblica, La Biblia y la creaci\u00f3n - UCM - Universidad Cat\u00f3lica de Manizales<\/title>\n<meta name=\"robots\" content=\"index, follow, max-snippet:-1, max-image-preview:large, max-video-preview:-1\" \/>\n<link rel=\"canonical\" href=\"https:\/\/www.ucm.edu.co\/en\/semana-biblica-la-biblia-y-la-creacion\/\" \/>\n<meta property=\"og:locale\" content=\"en_US\" \/>\n<meta property=\"og:type\" content=\"article\" \/>\n<meta property=\"og:title\" content=\"Semana B\u00edblica, La Biblia y la creaci\u00f3n - UCM - Universidad Cat\u00f3lica de Manizales\" \/>\n<meta property=\"og:description\" content=\"\u201cY VIO DIOS TODO LO QUE HABIA HECHO: Y ERA MUY BUENO\u201d (Gn1,31) Toda la obra creadora brota de las manos de Dios y en nada contradice el axioma de [&hellip;]\" \/>\n<meta property=\"og:url\" content=\"https:\/\/www.ucm.edu.co\/en\/semana-biblica-la-biblia-y-la-creacion\/\" \/>\n<meta property=\"og:site_name\" content=\"UCM - Universidad Cat\u00f3lica de Manizales\" \/>\n<meta property=\"article:publisher\" content=\"https:\/\/www.facebook.com\/ucatolicamanizales\" \/>\n<meta property=\"article:modified_time\" content=\"2021-09-21T14:01:04+00:00\" \/>\n<meta property=\"og:image\" content=\"https:\/\/www.ucm.edu.co\/wp-content\/uploads\/2021\/09\/semana_biblica.jpg\" \/>\n\t<meta property=\"og:image:width\" content=\"800\" \/>\n\t<meta property=\"og:image:height\" content=\"601\" \/>\n\t<meta property=\"og:image:type\" content=\"image\/jpeg\" \/>\n<meta name=\"twitter:card\" content=\"summary_large_image\" \/>\n<meta name=\"twitter:site\" content=\"@ucm_manizales\" \/>\n<meta name=\"twitter:label1\" content=\"Est. reading time\" \/>\n\t<meta name=\"twitter:data1\" content=\"2 minutes\" \/>\n<script type=\"application\/ld+json\" class=\"yoast-schema-graph\">{\"@context\":\"https:\\\/\\\/schema.org\",\"@graph\":[{\"@type\":\"WebPage\",\"@id\":\"https:\\\/\\\/www.ucm.edu.co\\\/semana-biblica-la-biblia-y-la-creacion\\\/\",\"url\":\"https:\\\/\\\/www.ucm.edu.co\\\/semana-biblica-la-biblia-y-la-creacion\\\/\",\"name\":\"Semana B\u00edblica, La Biblia y la creaci\u00f3n - UCM - Universidad Cat\u00f3lica de Manizales\",\"isPartOf\":{\"@id\":\"https:\\\/\\\/www.ucm.edu.co\\\/#website\"},\"primaryImageOfPage\":{\"@id\":\"https:\\\/\\\/www.ucm.edu.co\\\/semana-biblica-la-biblia-y-la-creacion\\\/#primaryimage\"},\"image\":{\"@id\":\"https:\\\/\\\/www.ucm.edu.co\\\/semana-biblica-la-biblia-y-la-creacion\\\/#primaryimage\"},\"thumbnailUrl\":\"https:\\\/\\\/www.ucm.edu.co\\\/wp-content\\\/uploads\\\/2021\\\/09\\\/semana_biblica.jpg\",\"datePublished\":\"2021-09-17T13:21:14+00:00\",\"dateModified\":\"2021-09-21T14:01:04+00:00\",\"breadcrumb\":{\"@id\":\"https:\\\/\\\/www.ucm.edu.co\\\/semana-biblica-la-biblia-y-la-creacion\\\/#breadcrumb\"},\"inLanguage\":\"en-US\",\"potentialAction\":[{\"@type\":\"ReadAction\",\"target\":[\"https:\\\/\\\/www.ucm.edu.co\\\/semana-biblica-la-biblia-y-la-creacion\\\/\"]}]},{\"@type\":\"ImageObject\",\"inLanguage\":\"en-US\",\"@id\":\"https:\\\/\\\/www.ucm.edu.co\\\/semana-biblica-la-biblia-y-la-creacion\\\/#primaryimage\",\"url\":\"https:\\\/\\\/www.ucm.edu.co\\\/wp-content\\\/uploads\\\/2021\\\/09\\\/semana_biblica.jpg\",\"contentUrl\":\"https:\\\/\\\/www.ucm.edu.co\\\/wp-content\\\/uploads\\\/2021\\\/09\\\/semana_biblica.jpg\",\"width\":800,\"height\":601},{\"@type\":\"BreadcrumbList\",\"@id\":\"https:\\\/\\\/www.ucm.edu.co\\\/semana-biblica-la-biblia-y-la-creacion\\\/#breadcrumb\",\"itemListElement\":[{\"@type\":\"ListItem\",\"position\":1,\"name\":\"Portada\",\"item\":\"https:\\\/\\\/www.ucm.edu.co\\\/\"},{\"@type\":\"ListItem\",\"position\":2,\"name\":\"Semana B\u00edblica, La Biblia y la creaci\u00f3n\"}]},{\"@type\":\"WebSite\",\"@id\":\"https:\\\/\\\/www.ucm.edu.co\\\/#website\",\"url\":\"https:\\\/\\\/www.ucm.edu.co\\\/\",\"name\":\"UCM - Universidad Cat\u00f3lica de Manizales\",\"description\":\"Ven a ser quien quieres ser\",\"publisher\":{\"@id\":\"https:\\\/\\\/www.ucm.edu.co\\\/#organization\"},\"alternateName\":\"UCM\",\"potentialAction\":[{\"@type\":\"SearchAction\",\"target\":{\"@type\":\"EntryPoint\",\"urlTemplate\":\"https:\\\/\\\/www.ucm.edu.co\\\/?s={search_term_string}\"},\"query-input\":{\"@type\":\"PropertyValueSpecification\",\"valueRequired\":true,\"valueName\":\"search_term_string\"}}],\"inLanguage\":\"en-US\"},{\"@type\":\"Organization\",\"@id\":\"https:\\\/\\\/www.ucm.edu.co\\\/#organization\",\"name\":\"Universidad Cat\u00f3lica de Manizales\",\"alternateName\":\"UCM\",\"url\":\"https:\\\/\\\/www.ucm.edu.co\\\/\",\"logo\":{\"@type\":\"ImageObject\",\"inLanguage\":\"en-US\",\"@id\":\"https:\\\/\\\/www.ucm.edu.co\\\/#\\\/schema\\\/logo\\\/image\\\/\",\"url\":\"https:\\\/\\\/www.ucm.edu.co\\\/wp-content\\\/uploads\\\/2021\\\/03\\\/favicon_ucm.png\",\"contentUrl\":\"https:\\\/\\\/www.ucm.edu.co\\\/wp-content\\\/uploads\\\/2021\\\/03\\\/favicon_ucm.png\",\"width\":512,\"height\":512,\"caption\":\"Universidad Cat\u00f3lica de Manizales\"},\"image\":{\"@id\":\"https:\\\/\\\/www.ucm.edu.co\\\/#\\\/schema\\\/logo\\\/image\\\/\"},\"sameAs\":[\"https:\\\/\\\/www.facebook.com\\\/ucatolicamanizales\",\"https:\\\/\\\/x.com\\\/ucm_manizales\",\"https:\\\/\\\/www.instagram.com\\\/ucatolicamanizales\\\/\",\"https:\\\/\\\/co.linkedin.com\\\/school\\\/ucatolicamanizales\\\/\",\"https:\\\/\\\/www.youtube.com\\\/user\\\/UCMtelevision\"]}]}<\/script>\n<!-- \/ Yoast SEO plugin. -->","yoast_head_json":{"title":"Semana B\u00edblica, La Biblia y la creaci\u00f3n - UCM - Universidad Cat\u00f3lica de Manizales","robots":{"index":"index","follow":"follow","max-snippet":"max-snippet:-1","max-image-preview":"max-image-preview:large","max-video-preview":"max-video-preview:-1"},"canonical":"https:\/\/www.ucm.edu.co\/en\/semana-biblica-la-biblia-y-la-creacion\/","og_locale":"en_US","og_type":"article","og_title":"Semana B\u00edblica, La Biblia y la creaci\u00f3n - UCM - Universidad Cat\u00f3lica de Manizales","og_description":"\u201cY VIO DIOS TODO LO QUE HABIA HECHO: Y ERA MUY BUENO\u201d (Gn1,31) Toda la obra creadora brota de las manos de Dios y en nada contradice el axioma de [&hellip;]","og_url":"https:\/\/www.ucm.edu.co\/en\/semana-biblica-la-biblia-y-la-creacion\/","og_site_name":"UCM - Universidad Cat\u00f3lica de Manizales","article_publisher":"https:\/\/www.facebook.com\/ucatolicamanizales","article_modified_time":"2021-09-21T14:01:04+00:00","og_image":[{"width":800,"height":601,"url":"https:\/\/www.ucm.edu.co\/wp-content\/uploads\/2021\/09\/semana_biblica.jpg","type":"image\/jpeg"}],"twitter_card":"summary_large_image","twitter_site":"@ucm_manizales","twitter_misc":{"Est. reading time":"2 minutes"},"schema":{"@context":"https:\/\/schema.org","@graph":[{"@type":"WebPage","@id":"https:\/\/www.ucm.edu.co\/semana-biblica-la-biblia-y-la-creacion\/","url":"https:\/\/www.ucm.edu.co\/semana-biblica-la-biblia-y-la-creacion\/","name":"Semana B\u00edblica, La Biblia y la creaci\u00f3n - UCM - Universidad Cat\u00f3lica de Manizales","isPartOf":{"@id":"https:\/\/www.ucm.edu.co\/#website"},"primaryImageOfPage":{"@id":"https:\/\/www.ucm.edu.co\/semana-biblica-la-biblia-y-la-creacion\/#primaryimage"},"image":{"@id":"https:\/\/www.ucm.edu.co\/semana-biblica-la-biblia-y-la-creacion\/#primaryimage"},"thumbnailUrl":"https:\/\/www.ucm.edu.co\/wp-content\/uploads\/2021\/09\/semana_biblica.jpg","datePublished":"2021-09-17T13:21:14+00:00","dateModified":"2021-09-21T14:01:04+00:00","breadcrumb":{"@id":"https:\/\/www.ucm.edu.co\/semana-biblica-la-biblia-y-la-creacion\/#breadcrumb"},"inLanguage":"en-US","potentialAction":[{"@type":"ReadAction","target":["https:\/\/www.ucm.edu.co\/semana-biblica-la-biblia-y-la-creacion\/"]}]},{"@type":"ImageObject","inLanguage":"en-US","@id":"https:\/\/www.ucm.edu.co\/semana-biblica-la-biblia-y-la-creacion\/#primaryimage","url":"https:\/\/www.ucm.edu.co\/wp-content\/uploads\/2021\/09\/semana_biblica.jpg","contentUrl":"https:\/\/www.ucm.edu.co\/wp-content\/uploads\/2021\/09\/semana_biblica.jpg","width":800,"height":601},{"@type":"BreadcrumbList","@id":"https:\/\/www.ucm.edu.co\/semana-biblica-la-biblia-y-la-creacion\/#breadcrumb","itemListElement":[{"@type":"ListItem","position":1,"name":"Portada","item":"https:\/\/www.ucm.edu.co\/"},{"@type":"ListItem","position":2,"name":"Semana B\u00edblica, La Biblia y la creaci\u00f3n"}]},{"@type":"WebSite","@id":"https:\/\/www.ucm.edu.co\/#website","url":"https:\/\/www.ucm.edu.co\/","name":"UCM - Universidad Cat\u00f3lica de Manizales","description":"Ven a ser quien quieres ser","publisher":{"@id":"https:\/\/www.ucm.edu.co\/#organization"},"alternateName":"UCM","potentialAction":[{"@type":"SearchAction","target":{"@type":"EntryPoint","urlTemplate":"https:\/\/www.ucm.edu.co\/?s={search_term_string}"},"query-input":{"@type":"PropertyValueSpecification","valueRequired":true,"valueName":"search_term_string"}}],"inLanguage":"en-US"},{"@type":"Organization","@id":"https:\/\/www.ucm.edu.co\/#organization","name":"Universidad Cat\u00f3lica de Manizales","alternateName":"UCM","url":"https:\/\/www.ucm.edu.co\/","logo":{"@type":"ImageObject","inLanguage":"en-US","@id":"https:\/\/www.ucm.edu.co\/#\/schema\/logo\/image\/","url":"https:\/\/www.ucm.edu.co\/wp-content\/uploads\/2021\/03\/favicon_ucm.png","contentUrl":"https:\/\/www.ucm.edu.co\/wp-content\/uploads\/2021\/03\/favicon_ucm.png","width":512,"height":512,"caption":"Universidad Cat\u00f3lica de Manizales"},"image":{"@id":"https:\/\/www.ucm.edu.co\/#\/schema\/logo\/image\/"},"sameAs":["https:\/\/www.facebook.com\/ucatolicamanizales","https:\/\/x.com\/ucm_manizales","https:\/\/www.instagram.com\/ucatolicamanizales\/","https:\/\/co.linkedin.com\/school\/ucatolicamanizales\/","https:\/\/www.youtube.com\/user\/UCMtelevision"]}]}},"_links":{"self":[{"href":"https:\/\/www.ucm.edu.co\/en\/wp-json\/wp\/v2\/pages\/194525","targetHints":{"allow":["GET"]}}],"collection":[{"href":"https:\/\/www.ucm.edu.co\/en\/wp-json\/wp\/v2\/pages"}],"about":[{"href":"https:\/\/www.ucm.edu.co\/en\/wp-json\/wp\/v2\/types\/page"}],"author":[{"embeddable":true,"href":"https:\/\/www.ucm.edu.co\/en\/wp-json\/wp\/v2\/users\/8"}],"replies":[{"embeddable":true,"href":"https:\/\/www.ucm.edu.co\/en\/wp-json\/wp\/v2\/comments?post=194525"}],"version-history":[{"count":1,"href":"https:\/\/www.ucm.edu.co\/en\/wp-json\/wp\/v2\/pages\/194525\/revisions"}],"predecessor-version":[{"id":194526,"href":"https:\/\/www.ucm.edu.co\/en\/wp-json\/wp\/v2\/pages\/194525\/revisions\/194526"}],"wp:featuredmedia":[{"embeddable":true,"href":"https:\/\/www.ucm.edu.co\/en\/wp-json\/wp\/v2\/media\/194638"}],"wp:attachment":[{"href":"https:\/\/www.ucm.edu.co\/en\/wp-json\/wp\/v2\/media?parent=194525"}],"curies":[{"name":"wp","href":"https:\/\/api.w.org\/{rel}","templated":true}]}}