{"id":187622,"date":"2021-03-28T23:09:26","date_gmt":"2021-03-29T04:09:26","guid":{"rendered":"https:\/\/www.ucm.edu.co\/?page_id=187622"},"modified":"2024-02-05T09:09:47","modified_gmt":"2024-02-05T14:09:47","slug":"links-de-interes","status":"publish","type":"page","link":"https:\/\/www.ucm.edu.co\/en\/ucm-global\/links-de-interes\/","title":{"rendered":"Interesting links"},"content":{"rendered":"<figure class=\"wp-block-image aligncenter size-full is-resized\"><img loading=\"lazy\" decoding=\"async\" width=\"1200\" height=\"475\" src=\"https:\/\/www.ucm.edu.co\/wp-content\/uploads\/2022\/07\/interes_global_academy.jpg\" alt=\"Expositores evento UCM Global\" class=\"wp-image-202348\" style=\"width:600px;height:238px\"\/><\/figure>\n\n\n\n<div class=\"wp-block-pb-accordion-item c-accordion__item js-accordion-item no-js\" data-initially-open=\"false\" data-click-to-close=\"true\" data-auto-close=\"true\" data-scroll=\"false\" data-scroll-offset=\"0\"><h3 id=\"at-1876220\" class=\"c-accordion__title js-accordion-controller\" role=\"button\"><strong>Convalidaci\u00f3n de t\u00edtulos<\/strong><\/h3><div id=\"ac-1876220\" class=\"c-accordion__content\">\n<p class=\"wp-block-paragraph\"><a href=\"https:\/\/www.ucm.edu.co\/wp-content\/uploads\/2021\/03\/convalidacion_doble_titulacion_men.pdf\" target=\"_blank\" rel=\"noreferrer noopener\">Convalidaci\u00f3n y doble titulaci\u00f3n MEN<\/a><br><a href=\"https:\/\/www.ucm.edu.co\/wp-content\/uploads\/2021\/03\/guia_convalidacion_titulos.pdf\" target=\"_blank\" rel=\"noreferrer noopener\">Gu\u00eda para la convalidaci\u00f3n de t\u00edtulos de Educaci\u00f3n Superior<\/a><\/p>\n<\/div><\/div>\n\n\n\n<div style=\"height:15px\" aria-hidden=\"true\" class=\"wp-block-spacer\"><\/div>\n\n\n\n<h2 class=\"wp-block-heading\">Movilidad Presencial y Virtual \/ Study and Education Abroad<\/h2>\n\n\n\n<div style=\"height:10px\" aria-hidden=\"true\" class=\"wp-block-spacer\"><\/div>\n\n\n\n<div class=\"wp-block-pb-accordion-item c-accordion__item js-accordion-item no-js\" data-initially-open=\"false\" data-click-to-close=\"true\" data-auto-close=\"true\" data-scroll=\"false\" data-scroll-offset=\"0\"><h3 id=\"at-1876221\" class=\"c-accordion__title js-accordion-controller\" role=\"button\"><strong>Formulario Movilidad Entrante Estudiantes \/ Incoming Students Form<\/strong><\/h3><div id=\"ac-1876221\" class=\"c-accordion__content\">\n<p class=\"wp-block-paragraph\">Si est\u00e1s interesado(a) en realizar intercambio acad\u00e9mico, movilidad virtual, estancia de investigaci\u00f3n, voluntariados, estudios completos de carrera u otro tipo de movilidad en la Universidad Cat\u00f3lica de Manizales, puedes diligenciar el siguiente formulario de aplicaci\u00f3n:<\/p>\n\n\n\n<p class=\"wp-block-paragraph\"><a href=\"https:\/\/share.hsforms.com\/1_PGPHtmlQludNF6yHJ6oIwcl45c\" target=\"_blank\" rel=\"noreferrer noopener\">Formulario de movilidad entrante estudiantes \/ incoming students Application Form<\/a><\/p>\n<\/div><\/div>\n\n\n\n<div style=\"height:5px\" aria-hidden=\"true\" class=\"wp-block-spacer\"><\/div>\n\n\n\n<div class=\"wp-block-pb-accordion-item c-accordion__item js-accordion-item no-js\" data-initially-open=\"false\" data-click-to-close=\"true\" data-auto-close=\"true\" data-scroll=\"false\" data-scroll-offset=\"0\"><h3 id=\"at-1876222\" class=\"c-accordion__title js-accordion-controller\" role=\"button\"><strong><strong>Formulario Movilidad Saliente de Estudiantes<\/strong><\/strong><\/h3><div id=\"ac-1876222\" class=\"c-accordion__content\">\n<p class=\"wp-block-paragraph\">Si eres estudiante UCM y est\u00e1s interesado(a) en realizar semestre acad\u00e9mico, movilidad virtual, estancia de investigaci\u00f3n, pr\u00e1ctica profesional, voluntariados, estudios de idiomas u otro tipo de movilidad nacional o internacional, puedes diligenciar el siguiente formulario de aplicaci\u00f3n:<\/p>\n\n\n\n<p class=\"wp-block-paragraph\"><a href=\"https:\/\/forms.gle\/kHCNP5bcfmiDnMzM6\" target=\"_blank\" rel=\"noreferrer noopener\">Formulario de movilidad saliente estudiantes<\/a><\/p>\n<\/div><\/div>\n\n\n\n<div style=\"height:5px\" aria-hidden=\"true\" class=\"wp-block-spacer\"><\/div>\n\n\n\n<div class=\"wp-block-pb-accordion-item c-accordion__item js-accordion-item no-js\" data-initially-open=\"false\" data-click-to-close=\"true\" data-auto-close=\"true\" data-scroll=\"false\" data-scroll-offset=\"0\"><h3 id=\"at-1876223\" class=\"c-accordion__title js-accordion-controller\" role=\"button\"><strong><strong><strong>Formulario Movilidad Entrante Profesores y Expertos<\/strong><\/strong><\/strong><\/h3><div id=\"ac-1876223\" class=\"c-accordion__content\">\n<p class=\"wp-block-paragraph\">Si eres colaborador(a) UCM y contar\u00e1s con la participaci\u00f3n de profesores o expertos nacionales o internacionales desempe\u00f1ando funciones de docencia, investigaci\u00f3n, extensi\u00f3n y proyecci\u00f3n social, intercambio virtual, u otros, puedes realizar la solicitud y registro de la movilidad a trav\u00e9s del siguiente formulario:<\/p>\n\n\n\n<p class=\"wp-block-paragraph\"><a href=\"https:\/\/forms.gle\/jQzqEQiheNYTG3SV7\" target=\"_blank\" rel=\"noreferrer noopener\">Formulario de movilidad entrante profesores y expertos<\/a><\/p>\n\n\n\n<p class=\"wp-block-paragraph\">Nota: Solo los colaboradores UCM cuentan con permisos para diligenciar este formulario.<\/p>\n<\/div><\/div>\n\n\n\n<div style=\"height:5px\" aria-hidden=\"true\" class=\"wp-block-spacer\"><\/div>\n\n\n\n<div class=\"wp-block-pb-accordion-item c-accordion__item js-accordion-item no-js\" data-initially-open=\"false\" data-click-to-close=\"true\" data-auto-close=\"true\" data-scroll=\"false\" data-scroll-offset=\"0\"><h3 id=\"at-1876224\" class=\"c-accordion__title js-accordion-controller\" role=\"button\"><strong><strong><strong><strong>Formulario Movilidad Saliente Profesores y Administrativos UCM<\/strong><\/strong><\/strong><\/strong><\/h3><div id=\"ac-1876224\" class=\"c-accordion__content\">\n<p class=\"wp-block-paragraph\">Si eres colaborador(a) UCM y est\u00e1s interesado en realizar movilidad de docencia, investigaci\u00f3n, extensi\u00f3n y proyecci\u00f3n social, gesti\u00f3n administrativa, intercambio virtual u otro tipo de movilidad, puedes realizar la solicitud y registro de la movilidad a trav\u00e9s del siguiente formulario:&nbsp;<\/p>\n\n\n\n<p class=\"wp-block-paragraph\"><a href=\"https:\/\/docs.google.com\/forms\/d\/e\/1FAIpQLScXiJmMv6mglesoJOGgrPll3p6k2mSoUVPgVcGSaamOF-60Og\/viewform\" target=\"_blank\" rel=\"noreferrer noopener\">Formulario de movilidad saliente profesores y administrativos UCM<\/a><\/p>\n<\/div><\/div>\n\n\n\n<div style=\"height:5px\" aria-hidden=\"true\" class=\"wp-block-spacer\"><\/div>\n\n\n\n<div class=\"wp-block-pb-accordion-item c-accordion__item js-accordion-item no-js\" data-initially-open=\"false\" data-click-to-close=\"true\" data-auto-close=\"true\" data-scroll=\"false\" data-scroll-offset=\"0\"><h3 id=\"at-1876225\" class=\"c-accordion__title js-accordion-controller\" role=\"button\"><strong><strong><strong><strong><strong>Encuesta de Satisfacci\u00f3n Movilidad Acad\u00e9mica \/ Academic Mobility Survey<\/strong><\/strong><\/strong><\/strong><\/strong><\/h3><div id=\"ac-1876225\" class=\"c-accordion__content\">\n<p class=\"wp-block-paragraph\">Si has realizado una movilidad acad\u00e9mica nacional o internacional desde la UCM o hacia la UCM, comparte con nosotros tus reflexiones sobre la experiencia de movilidad y la contribuci\u00f3n a tu formaci\u00f3n integral, desarrollo profesional y experiencia personal.:&nbsp;<\/p>\n\n\n\n<p class=\"wp-block-paragraph\"><a href=\"https:\/\/forms.gle\/jMpaCfkzP1VdS5gL9\" target=\"_blank\" rel=\"noreferrer noopener\">Encuesta Movilidad Acad\u00e9mica \/ Academic Mobility Survey<\/a>&nbsp;<\/p>\n<\/div><\/div>\n\n\n\n<div style=\"height:20px\" aria-hidden=\"true\" class=\"wp-block-spacer\"><\/div>\n\n\n\n<h2 class=\"wp-block-heading\">Capacidades para un Desempe\u00f1o Global \/ Global Capacities<\/h2>\n\n\n\n<div style=\"height:15px\" aria-hidden=\"true\" class=\"wp-block-spacer\"><\/div>\n\n\n\n<div class=\"wp-block-pb-accordion-item c-accordion__item js-accordion-item no-js\" data-initially-open=\"false\" data-click-to-close=\"true\" data-auto-close=\"true\" data-scroll=\"false\" data-scroll-offset=\"0\"><h3 id=\"at-1876226\" class=\"c-accordion__title js-accordion-controller\" role=\"button\"><strong>Profesores UCM Global: Internacionalizaci\u00f3n del Curr\u00edculo (capacidades)<\/strong><\/h3><div id=\"ac-1876226\" class=\"c-accordion__content\">\n<p class=\"wp-block-paragraph\">Si eres profesor UCM y has venido integrando pr\u00e1cticas para el desarrollo de capacidades para un desempe\u00f1o global durante el semestre en tus componentes acad\u00e9micos, te invitamos a compartir las reflexiones de tu quehacer pedag\u00f3gico para la internacionalizaci\u00f3n del curr\u00edculo UCM.<\/p>\n\n\n\n<p class=\"wp-block-paragraph\"><a href=\"https:\/\/forms.gle\/nky7MGB623FBE6ZUA\" target=\"_blank\" rel=\"noreferrer noopener\">Profesores UCM: Internacionalizaci\u00f3n del Curr\u00edculo UCM Global<\/a><\/p>\n<\/div><\/div>\n\n\n\n<div style=\"height:5px\" aria-hidden=\"true\" class=\"wp-block-spacer\"><\/div>\n\n\n\n<div class=\"wp-block-pb-accordion-item c-accordion__item js-accordion-item no-js\" data-initially-open=\"false\" data-click-to-close=\"true\" data-auto-close=\"true\" data-scroll=\"false\" data-scroll-offset=\"0\"><h3 id=\"at-1876227\" class=\"c-accordion__title js-accordion-controller\" role=\"button\"><strong>Estudiantes UCM Global: Internacionalizaci\u00f3n del Curr\u00edculo (capacidades)<\/strong><\/h3><div id=\"ac-1876227\" class=\"c-accordion__content\">\n<p class=\"wp-block-paragraph\">Si eres estudiante UCM y tu profesor ha venido integrando pr\u00e1cticas de internacionalizaci\u00f3n y de capacidades para un desempe\u00f1o global&nbsp;&nbsp;en el componente acad\u00e9mico que cursaste este semestre, te invitamos a compartir tus reflexiones sobre las experiencias de aprendizaje global y c\u00f3mo estas contribuyeron a tu formaci\u00f3n integral, desarrollo profesional, perspectiva del mundo y construcci\u00f3n de una nueva ciudadan\u00eda local y global.<\/p>\n\n\n\n<p class=\"wp-block-paragraph\"><a href=\"https:\/\/forms.gle\/U3ThpQg7SLJ5K1Ax5\" target=\"_blank\" rel=\"noreferrer noopener\">Estudiantes UCM: Internacionalizaci\u00f3n del Curr\u00edculo UCM Global (capacidades)<\/a><\/p>\n<\/div><\/div>\n\n\n\n<div style=\"height:5px\" aria-hidden=\"true\" class=\"wp-block-spacer\"><\/div>\n\n\n\n<div class=\"wp-block-pb-accordion-item c-accordion__item js-accordion-item no-js\" data-initially-open=\"false\" data-click-to-close=\"true\" data-auto-close=\"true\" data-scroll=\"false\" data-scroll-offset=\"0\"><h3 id=\"at-1876228\" class=\"c-accordion__title js-accordion-controller\" role=\"button\"><strong><strong>Capacidades Globales Estudiantes (Inter)nacionales \/ Global Capacities International students<\/strong><\/strong><\/h3><div id=\"ac-1876228\" class=\"c-accordion__content\">\n<p class=\"wp-block-paragraph\">Si eres estudiante realizando movilidad nacional o internacional en la UCM de manera virtual, o por medio de proyectos de intercambio virtual, te invitamos a compartir tus reflexiones sobre las experiencias de aprendizaje global y c\u00f3mo estas contribuyeron a tu formaci\u00f3n integral, desarrollo profesional, perspectiva del mundo y construcci\u00f3n de una nueva ciudadan\u00eda local y global.<\/p>\n\n\n\n<p class=\"wp-block-paragraph\"><a rel=\"noreferrer noopener\" href=\"https:\/\/forms.gle\/1hALbBLTrWX9biyx6\" target=\"_blank\">Estudiantes (Inter)nacionales<strong>:&nbsp;<\/strong>Capacidades para un desempe\u00f1o global<\/a><\/p>\n\n\n\n<p class=\"wp-block-paragraph\">If you are an international student doing a virtual study abroad or a collaborative virtual exchange project with UCM, we invite you to share your reflexions and insights on your global learning experience and on how it helped you to grow personally and professionally, in terms of learning, personal experience, view of the world and building of global citizenship.<\/p>\n\n\n\n<p class=\"wp-block-paragraph\">I<a href=\"https:\/\/docs.google.com\/forms\/d\/e\/1FAIpQLSdaEgTyYiyosOPIiMg3mQ3o9PrIIPSrGtSnkFy4VTg2QJwW_A\/viewform\" target=\"_blank\" rel=\"noreferrer noopener\">nternational students: global capacities<\/a><\/p>\n<\/div><\/div>\n\n\n\n<div style=\"height:20px\" aria-hidden=\"true\" class=\"wp-block-spacer\"><\/div>\n\n\n\n<h2 class=\"wp-block-heading\">Expertos UCM<\/h2>\n\n\n\n<div style=\"height:15px\" aria-hidden=\"true\" class=\"wp-block-spacer\"><\/div>\n\n\n\n<div class=\"wp-block-pb-accordion-item c-accordion__item js-accordion-item no-js\" data-initially-open=\"false\" data-click-to-close=\"true\" data-auto-close=\"true\" data-scroll=\"false\" data-scroll-offset=\"0\"><h3 id=\"at-1876229\" class=\"c-accordion__title js-accordion-controller\" role=\"button\"><strong>Formulario de Expertos UCM<\/strong><\/h3><div id=\"ac-1876229\" class=\"c-accordion__content\">\n<p class=\"wp-block-paragraph\">El perfil acad\u00e9mico, profesional y humano de los colaboradores UCM son nuestra mejor carta de presentaci\u00f3n. Por esta raz\u00f3n, queremos que el pa\u00eds, la regi\u00f3n y el mundo reconozcan tu voz como experto UCM en tu campo de actuaci\u00f3n, para el relacionamiento y desarrollo de proyectos colaborativos con instituciones nacionales e internacionales.<\/p>\n\n\n\n<p class=\"wp-block-paragraph\"><a href=\"https:\/\/docs.google.com\/forms\/d\/e\/1FAIpQLSdXpKmqQF2RsTX2icXQL1f5Xn8jsvsSHj3K9Js0BLjp09XP0A\/viewform?vc=0&amp;c=0&amp;w=1&amp;flr=0&amp;usp=mail_form_link&amp;urp=gmail_link&amp;gxids=7628\" target=\"_blank\" rel=\"noreferrer noopener\">Formulario de Expertos UCM<\/a>&nbsp;&nbsp;<\/p>\n<\/div><\/div>","protected":false},"excerpt":{"rendered":"<p>Movilidad Presencial y Virtual \/ Study and Education Abroad Capacidades para un Desempe\u00f1o Global \/ Global Capacities Expertos UCM<\/p>","protected":false},"author":8,"featured_media":0,"parent":186216,"menu_order":251,"comment_status":"closed","ping_status":"closed","template":"","meta":{"_et_pb_use_builder":"","_et_pb_old_content":"","_et_gb_content_width":"","content-type":"","_monsterinsights_skip_tracking":false,"footnotes":""},"class_list":["post-187622","page","type-page","status-publish","hentry"],"yoast_head":"<!-- This site is optimized with the Yoast SEO plugin v28.1 - https:\/\/yoast.com\/product\/yoast-seo-wordpress\/ -->\n<title>Links de inter\u00e9s - UCM - Universidad Cat\u00f3lica de Manizales<\/title>\n<meta name=\"robots\" content=\"index, follow, max-snippet:-1, max-image-preview:large, max-video-preview:-1\" \/>\n<link rel=\"canonical\" href=\"https:\/\/www.ucm.edu.co\/en\/ucm-global\/links-de-interes\/\" \/>\n<meta property=\"og:locale\" content=\"en_US\" \/>\n<meta property=\"og:type\" content=\"article\" \/>\n<meta property=\"og:title\" content=\"Links de inter\u00e9s - UCM - Universidad Cat\u00f3lica de Manizales\" \/>\n<meta property=\"og:description\" content=\"Movilidad Presencial y Virtual \/ Study and Education Abroad Capacidades para un Desempe\u00f1o Global \/ Global Capacities Expertos UCM\" \/>\n<meta property=\"og:url\" content=\"https:\/\/www.ucm.edu.co\/en\/ucm-global\/links-de-interes\/\" \/>\n<meta property=\"og:site_name\" content=\"UCM - Universidad Cat\u00f3lica de Manizales\" \/>\n<meta property=\"article:publisher\" content=\"https:\/\/www.facebook.com\/ucatolicamanizales\" \/>\n<meta property=\"article:modified_time\" content=\"2024-02-05T14:09:47+00:00\" \/>\n<meta property=\"og:image\" content=\"https:\/\/www.ucm.edu.co\/wp-content\/uploads\/2022\/07\/interes_global_academy.jpg\" \/>\n<meta name=\"twitter:card\" content=\"summary_large_image\" \/>\n<meta name=\"twitter:site\" content=\"@ucm_manizales\" \/>\n<meta name=\"twitter:label1\" content=\"Est. reading time\" \/>\n\t<meta name=\"twitter:data1\" content=\"4 minutes\" \/>\n<script type=\"application\/ld+json\" class=\"yoast-schema-graph\">{\"@context\":\"https:\\\/\\\/schema.org\",\"@graph\":[{\"@type\":\"WebPage\",\"@id\":\"https:\\\/\\\/www.ucm.edu.co\\\/ucm-global\\\/links-de-interes\\\/\",\"url\":\"https:\\\/\\\/www.ucm.edu.co\\\/ucm-global\\\/links-de-interes\\\/\",\"name\":\"Links de inter\u00e9s - UCM - Universidad Cat\u00f3lica de Manizales\",\"isPartOf\":{\"@id\":\"https:\\\/\\\/www.ucm.edu.co\\\/#website\"},\"primaryImageOfPage\":{\"@id\":\"https:\\\/\\\/www.ucm.edu.co\\\/ucm-global\\\/links-de-interes\\\/#primaryimage\"},\"image\":{\"@id\":\"https:\\\/\\\/www.ucm.edu.co\\\/ucm-global\\\/links-de-interes\\\/#primaryimage\"},\"thumbnailUrl\":\"https:\\\/\\\/www.ucm.edu.co\\\/wp-content\\\/uploads\\\/2022\\\/07\\\/interes_global_academy.jpg\",\"datePublished\":\"2021-03-29T04:09:26+00:00\",\"dateModified\":\"2024-02-05T14:09:47+00:00\",\"breadcrumb\":{\"@id\":\"https:\\\/\\\/www.ucm.edu.co\\\/ucm-global\\\/links-de-interes\\\/#breadcrumb\"},\"inLanguage\":\"en-US\",\"potentialAction\":[{\"@type\":\"ReadAction\",\"target\":[\"https:\\\/\\\/www.ucm.edu.co\\\/ucm-global\\\/links-de-interes\\\/\"]}]},{\"@type\":\"ImageObject\",\"inLanguage\":\"en-US\",\"@id\":\"https:\\\/\\\/www.ucm.edu.co\\\/ucm-global\\\/links-de-interes\\\/#primaryimage\",\"url\":\"https:\\\/\\\/www.ucm.edu.co\\\/wp-content\\\/uploads\\\/2022\\\/07\\\/interes_global_academy.jpg\",\"contentUrl\":\"https:\\\/\\\/www.ucm.edu.co\\\/wp-content\\\/uploads\\\/2022\\\/07\\\/interes_global_academy.jpg\"},{\"@type\":\"BreadcrumbList\",\"@id\":\"https:\\\/\\\/www.ucm.edu.co\\\/ucm-global\\\/links-de-interes\\\/#breadcrumb\",\"itemListElement\":[{\"@type\":\"ListItem\",\"position\":1,\"name\":\"Portada\",\"item\":\"https:\\\/\\\/www.ucm.edu.co\\\/\"},{\"@type\":\"ListItem\",\"position\":2,\"name\":\"UCM Global\",\"item\":\"https:\\\/\\\/www.ucm.edu.co\\\/ucm-global\\\/\"},{\"@type\":\"ListItem\",\"position\":3,\"name\":\"Links de inter\u00e9s\"}]},{\"@type\":\"WebSite\",\"@id\":\"https:\\\/\\\/www.ucm.edu.co\\\/#website\",\"url\":\"https:\\\/\\\/www.ucm.edu.co\\\/\",\"name\":\"UCM - Universidad Cat\u00f3lica de Manizales\",\"description\":\"Ven a ser quien quieres ser\",\"publisher\":{\"@id\":\"https:\\\/\\\/www.ucm.edu.co\\\/#organization\"},\"alternateName\":\"UCM\",\"potentialAction\":[{\"@type\":\"SearchAction\",\"target\":{\"@type\":\"EntryPoint\",\"urlTemplate\":\"https:\\\/\\\/www.ucm.edu.co\\\/?s={search_term_string}\"},\"query-input\":{\"@type\":\"PropertyValueSpecification\",\"valueRequired\":true,\"valueName\":\"search_term_string\"}}],\"inLanguage\":\"en-US\"},{\"@type\":\"Organization\",\"@id\":\"https:\\\/\\\/www.ucm.edu.co\\\/#organization\",\"name\":\"Universidad Cat\u00f3lica de Manizales\",\"alternateName\":\"UCM\",\"url\":\"https:\\\/\\\/www.ucm.edu.co\\\/\",\"logo\":{\"@type\":\"ImageObject\",\"inLanguage\":\"en-US\",\"@id\":\"https:\\\/\\\/www.ucm.edu.co\\\/#\\\/schema\\\/logo\\\/image\\\/\",\"url\":\"https:\\\/\\\/www.ucm.edu.co\\\/wp-content\\\/uploads\\\/2021\\\/03\\\/favicon_ucm.png\",\"contentUrl\":\"https:\\\/\\\/www.ucm.edu.co\\\/wp-content\\\/uploads\\\/2021\\\/03\\\/favicon_ucm.png\",\"width\":512,\"height\":512,\"caption\":\"Universidad Cat\u00f3lica de Manizales\"},\"image\":{\"@id\":\"https:\\\/\\\/www.ucm.edu.co\\\/#\\\/schema\\\/logo\\\/image\\\/\"},\"sameAs\":[\"https:\\\/\\\/www.facebook.com\\\/ucatolicamanizales\",\"https:\\\/\\\/x.com\\\/ucm_manizales\",\"https:\\\/\\\/www.instagram.com\\\/ucatolicamanizales\\\/\",\"https:\\\/\\\/co.linkedin.com\\\/school\\\/ucatolicamanizales\\\/\",\"https:\\\/\\\/www.youtube.com\\\/user\\\/UCMtelevision\"]}]}<\/script>\n<!-- \/ Yoast SEO plugin. -->","yoast_head_json":{"title":"Links de inter\u00e9s - UCM - Universidad Cat\u00f3lica de Manizales","robots":{"index":"index","follow":"follow","max-snippet":"max-snippet:-1","max-image-preview":"max-image-preview:large","max-video-preview":"max-video-preview:-1"},"canonical":"https:\/\/www.ucm.edu.co\/en\/ucm-global\/links-de-interes\/","og_locale":"en_US","og_type":"article","og_title":"Links de inter\u00e9s - UCM - Universidad Cat\u00f3lica de Manizales","og_description":"Movilidad Presencial y Virtual \/ Study and Education Abroad Capacidades para un Desempe\u00f1o Global \/ Global Capacities Expertos UCM","og_url":"https:\/\/www.ucm.edu.co\/en\/ucm-global\/links-de-interes\/","og_site_name":"UCM - Universidad Cat\u00f3lica de Manizales","article_publisher":"https:\/\/www.facebook.com\/ucatolicamanizales","article_modified_time":"2024-02-05T14:09:47+00:00","og_image":[{"url":"https:\/\/www.ucm.edu.co\/wp-content\/uploads\/2022\/07\/interes_global_academy.jpg","type":"","width":"","height":""}],"twitter_card":"summary_large_image","twitter_site":"@ucm_manizales","twitter_misc":{"Est. reading time":"4 minutes"},"schema":{"@context":"https:\/\/schema.org","@graph":[{"@type":"WebPage","@id":"https:\/\/www.ucm.edu.co\/ucm-global\/links-de-interes\/","url":"https:\/\/www.ucm.edu.co\/ucm-global\/links-de-interes\/","name":"Links de inter\u00e9s - UCM - Universidad Cat\u00f3lica de Manizales","isPartOf":{"@id":"https:\/\/www.ucm.edu.co\/#website"},"primaryImageOfPage":{"@id":"https:\/\/www.ucm.edu.co\/ucm-global\/links-de-interes\/#primaryimage"},"image":{"@id":"https:\/\/www.ucm.edu.co\/ucm-global\/links-de-interes\/#primaryimage"},"thumbnailUrl":"https:\/\/www.ucm.edu.co\/wp-content\/uploads\/2022\/07\/interes_global_academy.jpg","datePublished":"2021-03-29T04:09:26+00:00","dateModified":"2024-02-05T14:09:47+00:00","breadcrumb":{"@id":"https:\/\/www.ucm.edu.co\/ucm-global\/links-de-interes\/#breadcrumb"},"inLanguage":"en-US","potentialAction":[{"@type":"ReadAction","target":["https:\/\/www.ucm.edu.co\/ucm-global\/links-de-interes\/"]}]},{"@type":"ImageObject","inLanguage":"en-US","@id":"https:\/\/www.ucm.edu.co\/ucm-global\/links-de-interes\/#primaryimage","url":"https:\/\/www.ucm.edu.co\/wp-content\/uploads\/2022\/07\/interes_global_academy.jpg","contentUrl":"https:\/\/www.ucm.edu.co\/wp-content\/uploads\/2022\/07\/interes_global_academy.jpg"},{"@type":"BreadcrumbList","@id":"https:\/\/www.ucm.edu.co\/ucm-global\/links-de-interes\/#breadcrumb","itemListElement":[{"@type":"ListItem","position":1,"name":"Portada","item":"https:\/\/www.ucm.edu.co\/"},{"@type":"ListItem","position":2,"name":"UCM Global","item":"https:\/\/www.ucm.edu.co\/ucm-global\/"},{"@type":"ListItem","position":3,"name":"Links de inter\u00e9s"}]},{"@type":"WebSite","@id":"https:\/\/www.ucm.edu.co\/#website","url":"https:\/\/www.ucm.edu.co\/","name":"UCM - Universidad Cat\u00f3lica de Manizales","description":"Ven a ser quien quieres ser","publisher":{"@id":"https:\/\/www.ucm.edu.co\/#organization"},"alternateName":"UCM","potentialAction":[{"@type":"SearchAction","target":{"@type":"EntryPoint","urlTemplate":"https:\/\/www.ucm.edu.co\/?s={search_term_string}"},"query-input":{"@type":"PropertyValueSpecification","valueRequired":true,"valueName":"search_term_string"}}],"inLanguage":"en-US"},{"@type":"Organization","@id":"https:\/\/www.ucm.edu.co\/#organization","name":"Universidad Cat\u00f3lica de Manizales","alternateName":"UCM","url":"https:\/\/www.ucm.edu.co\/","logo":{"@type":"ImageObject","inLanguage":"en-US","@id":"https:\/\/www.ucm.edu.co\/#\/schema\/logo\/image\/","url":"https:\/\/www.ucm.edu.co\/wp-content\/uploads\/2021\/03\/favicon_ucm.png","contentUrl":"https:\/\/www.ucm.edu.co\/wp-content\/uploads\/2021\/03\/favicon_ucm.png","width":512,"height":512,"caption":"Universidad Cat\u00f3lica de Manizales"},"image":{"@id":"https:\/\/www.ucm.edu.co\/#\/schema\/logo\/image\/"},"sameAs":["https:\/\/www.facebook.com\/ucatolicamanizales","https:\/\/x.com\/ucm_manizales","https:\/\/www.instagram.com\/ucatolicamanizales\/","https:\/\/co.linkedin.com\/school\/ucatolicamanizales\/","https:\/\/www.youtube.com\/user\/UCMtelevision"]}]}},"_links":{"self":[{"href":"https:\/\/www.ucm.edu.co\/en\/wp-json\/wp\/v2\/pages\/187622","targetHints":{"allow":["GET"]}}],"collection":[{"href":"https:\/\/www.ucm.edu.co\/en\/wp-json\/wp\/v2\/pages"}],"about":[{"href":"https:\/\/www.ucm.edu.co\/en\/wp-json\/wp\/v2\/types\/page"}],"author":[{"embeddable":true,"href":"https:\/\/www.ucm.edu.co\/en\/wp-json\/wp\/v2\/users\/8"}],"replies":[{"embeddable":true,"href":"https:\/\/www.ucm.edu.co\/en\/wp-json\/wp\/v2\/comments?post=187622"}],"version-history":[{"count":27,"href":"https:\/\/www.ucm.edu.co\/en\/wp-json\/wp\/v2\/pages\/187622\/revisions"}],"predecessor-version":[{"id":213310,"href":"https:\/\/www.ucm.edu.co\/en\/wp-json\/wp\/v2\/pages\/187622\/revisions\/213310"}],"up":[{"embeddable":true,"href":"https:\/\/www.ucm.edu.co\/en\/wp-json\/wp\/v2\/pages\/186216"}],"wp:attachment":[{"href":"https:\/\/www.ucm.edu.co\/en\/wp-json\/wp\/v2\/media?parent=187622"}],"curies":[{"name":"wp","href":"https:\/\/api.w.org\/{rel}","templated":true}]}}