{"id":198065,"date":"2022-02-01T10:54:48","date_gmt":"2022-02-01T15:54:48","guid":{"rendered":"https:\/\/www.ucm.edu.co\/?post_type=colaborador&#038;p=198065"},"modified":"2023-03-01T09:02:25","modified_gmt":"2023-03-01T14:02:25","slug":"paula-marcela-duque-jaramillo","status":"publish","type":"colaborador","link":"https:\/\/www.ucm.edu.co\/en\/colaborador\/paula-marcela-duque-jaramillo\/","title":{"rendered":"Paula Marcela Duque Jaramillo"},"content":{"rendered":"<p><strong>Formaci\u00f3n acad\u00e9mica:<\/strong><\/p>\n\n\n\n<ul class=\"wp-block-list\">\n<li>Bacteri\u00f3loga de la Universidad Cat\u00f3lica de Manizales<\/li>\n\n\n\n<li>Mag\u00edster en&nbsp;&nbsp;Microbiolog\u00eda Agr\u00edcola de la Universidad Federal de Lavras &#8211; Brasil<\/li>\n\n\n\n<li>Doctora en&nbsp;Biolog\u00eda molecular de la Universidade de Bras\u00edlia &#8211; Brasil<\/li>\n<\/ul>\n\n\n\n<p><strong>Perfil profesional y docente:<\/strong><\/p>\n\n\n\n<p>Realiz\u00f3 Maestr\u00eda en&nbsp;Microbiolog\u00eda Agr\u00edcola en la Universidad Federal de Lavras &#8211; Brasil&nbsp;y el Doctorado enBiolog\u00eda Molecular en la Universidade de Bras\u00edlia &#8211; Brasil. Realiz\u00f3 estancia postdoctoral en Embrapa Agroenergia (Brasil), donde tambi\u00e9n trabaj\u00f3 como consultora de proyectos de investigaci\u00f3n. Desde febrero de 2017 hasta diciembre de 2021 se desempe\u00f1\u00f3 como Coordinadora del curso de Biomedicina, Coordinadora de pr\u00e1cticas, Coordinadora General de los Laboratorios y Cl\u00ednicas y Profesora de los cursos de enfermer\u00eda, nutrici\u00f3n y biomedicina en el Centro Universit\u00e1rio do Distrito Federal (Brasil), en las asignaturas de Parasitolog\u00eda, Control de Calidad y Instrumentaci\u00f3n Biom\u00e9dica. Desde 2022 ingres\u00f3 a la UCM como profesora investigadora, l\u00edder del grupo de Investigaci\u00f3n GINEI (Grupo de Investigaci\u00f3n en Enfermedades Infecciosas). Es profesora de la asignatura de Inmunolog\u00eda en el programa de Bacteriolog\u00eda.&nbsp;<\/p>\n\n\n\n<p><strong>Reconocimiento:<\/strong><\/p>\n\n\n\n<ol class=\"wp-block-list\">\n<li>Reconocimiento por perfil acad\u00e9mico y valoral en la Universidad Cat\u00f3lica de Manizales (2006)<\/li>\n\n\n\n<li>Reconocimiento&nbsp;por resultado en el Examen de Estado de Calidad de la Educaci\u00f3n Superior (ECAES) en la Universidad Cat\u00f3lica de Manizales (2006)<\/li>\n<\/ol>","protected":false},"excerpt":{"rendered":"<p>Formaci\u00f3n acad\u00e9mica: Perfil profesional y docente: Realiz\u00f3 Maestr\u00eda en&nbsp;Microbiolog\u00eda Agr\u00edcola en la Universidad Federal de Lavras &#8211; Brasil&nbsp;y el Doctorado enBiolog\u00eda Molecular en la Universidade de Bras\u00edlia &#8211; Brasil. Realiz\u00f3 [&hellip;]<\/p>\n","protected":false},"featured_media":198071,"template":"","cats_colaborador":[],"class_list":["post-198065","colaborador","type-colaborador","status-publish","has-post-thumbnail","hentry"],"yoast_head":"<!-- This site is optimized with the Yoast SEO plugin v27.4 - https:\/\/yoast.com\/product\/yoast-seo-wordpress\/ -->\n<title>Paula Marcela Duque Jaramillo - UCM - Universidad Cat\u00f3lica de Manizales<\/title>\n<meta name=\"robots\" content=\"index, follow, max-snippet:-1, max-image-preview:large, max-video-preview:-1\" \/>\n<link rel=\"canonical\" href=\"https:\/\/www.ucm.edu.co\/en\/colaborador\/paula-marcela-duque-jaramillo\/\" \/>\n<meta property=\"og:locale\" content=\"en_US\" \/>\n<meta property=\"og:type\" content=\"article\" \/>\n<meta property=\"og:title\" content=\"Paula Marcela Duque Jaramillo - UCM - Universidad Cat\u00f3lica de Manizales\" \/>\n<meta property=\"og:description\" content=\"Formaci\u00f3n acad\u00e9mica: Perfil profesional y docente: Realiz\u00f3 Maestr\u00eda en&nbsp;Microbiolog\u00eda Agr\u00edcola en la Universidad Federal de Lavras &#8211; Brasil&nbsp;y el Doctorado enBiolog\u00eda Molecular en la Universidade de Bras\u00edlia &#8211; Brasil. Realiz\u00f3 [&hellip;]\" \/>\n<meta property=\"og:url\" content=\"https:\/\/www.ucm.edu.co\/en\/colaborador\/paula-marcela-duque-jaramillo\/\" \/>\n<meta property=\"og:site_name\" content=\"UCM - Universidad Cat\u00f3lica de Manizales\" \/>\n<meta property=\"article:publisher\" content=\"https:\/\/www.facebook.com\/ucatolicamanizales\" \/>\n<meta property=\"article:modified_time\" content=\"2023-03-01T14:02:25+00:00\" \/>\n<meta property=\"og:image\" content=\"https:\/\/www.ucm.edu.co\/wp-content\/uploads\/2022\/02\/paula-marcela-duque-jaramillo.jpg\" \/>\n\t<meta property=\"og:image:width\" content=\"600\" \/>\n\t<meta property=\"og:image:height\" content=\"900\" \/>\n\t<meta property=\"og:image:type\" content=\"image\/jpeg\" \/>\n<meta name=\"twitter:card\" content=\"summary_large_image\" \/>\n<meta name=\"twitter:site\" content=\"@ucm_manizales\" \/>\n<meta name=\"twitter:label1\" content=\"Est. reading time\" \/>\n\t<meta name=\"twitter:data1\" content=\"1 minute\" \/>\n<script type=\"application\/ld+json\" class=\"yoast-schema-graph\">{\"@context\":\"https:\\\/\\\/schema.org\",\"@graph\":[{\"@type\":\"WebPage\",\"@id\":\"https:\\\/\\\/www.ucm.edu.co\\\/colaborador\\\/paula-marcela-duque-jaramillo\\\/\",\"url\":\"https:\\\/\\\/www.ucm.edu.co\\\/colaborador\\\/paula-marcela-duque-jaramillo\\\/\",\"name\":\"Paula Marcela Duque Jaramillo - UCM - Universidad Cat\u00f3lica de Manizales\",\"isPartOf\":{\"@id\":\"https:\\\/\\\/www.ucm.edu.co\\\/#website\"},\"primaryImageOfPage\":{\"@id\":\"https:\\\/\\\/www.ucm.edu.co\\\/colaborador\\\/paula-marcela-duque-jaramillo\\\/#primaryimage\"},\"image\":{\"@id\":\"https:\\\/\\\/www.ucm.edu.co\\\/colaborador\\\/paula-marcela-duque-jaramillo\\\/#primaryimage\"},\"thumbnailUrl\":\"https:\\\/\\\/www.ucm.edu.co\\\/wp-content\\\/uploads\\\/2022\\\/02\\\/paula-marcela-duque-jaramillo.jpg\",\"datePublished\":\"2022-02-01T15:54:48+00:00\",\"dateModified\":\"2023-03-01T14:02:25+00:00\",\"breadcrumb\":{\"@id\":\"https:\\\/\\\/www.ucm.edu.co\\\/colaborador\\\/paula-marcela-duque-jaramillo\\\/#breadcrumb\"},\"inLanguage\":\"en-US\",\"potentialAction\":[{\"@type\":\"ReadAction\",\"target\":[\"https:\\\/\\\/www.ucm.edu.co\\\/colaborador\\\/paula-marcela-duque-jaramillo\\\/\"]}]},{\"@type\":\"ImageObject\",\"inLanguage\":\"en-US\",\"@id\":\"https:\\\/\\\/www.ucm.edu.co\\\/colaborador\\\/paula-marcela-duque-jaramillo\\\/#primaryimage\",\"url\":\"https:\\\/\\\/www.ucm.edu.co\\\/wp-content\\\/uploads\\\/2022\\\/02\\\/paula-marcela-duque-jaramillo.jpg\",\"contentUrl\":\"https:\\\/\\\/www.ucm.edu.co\\\/wp-content\\\/uploads\\\/2022\\\/02\\\/paula-marcela-duque-jaramillo.jpg\",\"width\":600,\"height\":900},{\"@type\":\"BreadcrumbList\",\"@id\":\"https:\\\/\\\/www.ucm.edu.co\\\/colaborador\\\/paula-marcela-duque-jaramillo\\\/#breadcrumb\",\"itemListElement\":[{\"@type\":\"ListItem\",\"position\":1,\"name\":\"Portada\",\"item\":\"https:\\\/\\\/www.ucm.edu.co\\\/\"},{\"@type\":\"ListItem\",\"position\":2,\"name\":\"Colaboradores\",\"item\":\"https:\\\/\\\/www.ucm.edu.co\\\/colaborador\\\/\"},{\"@type\":\"ListItem\",\"position\":3,\"name\":\"Paula Marcela Duque Jaramillo\"}]},{\"@type\":\"WebSite\",\"@id\":\"https:\\\/\\\/www.ucm.edu.co\\\/#website\",\"url\":\"https:\\\/\\\/www.ucm.edu.co\\\/\",\"name\":\"UCM - Universidad Cat\u00f3lica de Manizales\",\"description\":\"Ven a ser quien quieres ser\",\"publisher\":{\"@id\":\"https:\\\/\\\/www.ucm.edu.co\\\/#organization\"},\"alternateName\":\"UCM\",\"potentialAction\":[{\"@type\":\"SearchAction\",\"target\":{\"@type\":\"EntryPoint\",\"urlTemplate\":\"https:\\\/\\\/www.ucm.edu.co\\\/?s={search_term_string}\"},\"query-input\":{\"@type\":\"PropertyValueSpecification\",\"valueRequired\":true,\"valueName\":\"search_term_string\"}}],\"inLanguage\":\"en-US\"},{\"@type\":\"Organization\",\"@id\":\"https:\\\/\\\/www.ucm.edu.co\\\/#organization\",\"name\":\"Universidad Cat\u00f3lica de Manizales\",\"alternateName\":\"UCM\",\"url\":\"https:\\\/\\\/www.ucm.edu.co\\\/\",\"logo\":{\"@type\":\"ImageObject\",\"inLanguage\":\"en-US\",\"@id\":\"https:\\\/\\\/www.ucm.edu.co\\\/#\\\/schema\\\/logo\\\/image\\\/\",\"url\":\"https:\\\/\\\/www.ucm.edu.co\\\/wp-content\\\/uploads\\\/2021\\\/03\\\/favicon_ucm.png\",\"contentUrl\":\"https:\\\/\\\/www.ucm.edu.co\\\/wp-content\\\/uploads\\\/2021\\\/03\\\/favicon_ucm.png\",\"width\":512,\"height\":512,\"caption\":\"Universidad Cat\u00f3lica de Manizales\"},\"image\":{\"@id\":\"https:\\\/\\\/www.ucm.edu.co\\\/#\\\/schema\\\/logo\\\/image\\\/\"},\"sameAs\":[\"https:\\\/\\\/www.facebook.com\\\/ucatolicamanizales\",\"https:\\\/\\\/x.com\\\/ucm_manizales\",\"https:\\\/\\\/www.instagram.com\\\/ucatolicamanizales\\\/\",\"https:\\\/\\\/co.linkedin.com\\\/school\\\/ucatolicamanizales\\\/\",\"https:\\\/\\\/www.youtube.com\\\/user\\\/UCMtelevision\"]}]}<\/script>\n<!-- \/ Yoast SEO plugin. -->","yoast_head_json":{"title":"Paula Marcela Duque Jaramillo - UCM - Universidad Cat\u00f3lica de Manizales","robots":{"index":"index","follow":"follow","max-snippet":"max-snippet:-1","max-image-preview":"max-image-preview:large","max-video-preview":"max-video-preview:-1"},"canonical":"https:\/\/www.ucm.edu.co\/en\/colaborador\/paula-marcela-duque-jaramillo\/","og_locale":"en_US","og_type":"article","og_title":"Paula Marcela Duque Jaramillo - UCM - Universidad Cat\u00f3lica de Manizales","og_description":"Formaci\u00f3n acad\u00e9mica: Perfil profesional y docente: Realiz\u00f3 Maestr\u00eda en&nbsp;Microbiolog\u00eda Agr\u00edcola en la Universidad Federal de Lavras &#8211; Brasil&nbsp;y el Doctorado enBiolog\u00eda Molecular en la Universidade de Bras\u00edlia &#8211; Brasil. Realiz\u00f3 [&hellip;]","og_url":"https:\/\/www.ucm.edu.co\/en\/colaborador\/paula-marcela-duque-jaramillo\/","og_site_name":"UCM - Universidad Cat\u00f3lica de Manizales","article_publisher":"https:\/\/www.facebook.com\/ucatolicamanizales","article_modified_time":"2023-03-01T14:02:25+00:00","og_image":[{"width":600,"height":900,"url":"https:\/\/www.ucm.edu.co\/wp-content\/uploads\/2022\/02\/paula-marcela-duque-jaramillo.jpg","type":"image\/jpeg"}],"twitter_card":"summary_large_image","twitter_site":"@ucm_manizales","twitter_misc":{"Est. reading time":"1 minute"},"schema":{"@context":"https:\/\/schema.org","@graph":[{"@type":"WebPage","@id":"https:\/\/www.ucm.edu.co\/colaborador\/paula-marcela-duque-jaramillo\/","url":"https:\/\/www.ucm.edu.co\/colaborador\/paula-marcela-duque-jaramillo\/","name":"Paula Marcela Duque Jaramillo - UCM - Universidad Cat\u00f3lica de Manizales","isPartOf":{"@id":"https:\/\/www.ucm.edu.co\/#website"},"primaryImageOfPage":{"@id":"https:\/\/www.ucm.edu.co\/colaborador\/paula-marcela-duque-jaramillo\/#primaryimage"},"image":{"@id":"https:\/\/www.ucm.edu.co\/colaborador\/paula-marcela-duque-jaramillo\/#primaryimage"},"thumbnailUrl":"https:\/\/www.ucm.edu.co\/wp-content\/uploads\/2022\/02\/paula-marcela-duque-jaramillo.jpg","datePublished":"2022-02-01T15:54:48+00:00","dateModified":"2023-03-01T14:02:25+00:00","breadcrumb":{"@id":"https:\/\/www.ucm.edu.co\/colaborador\/paula-marcela-duque-jaramillo\/#breadcrumb"},"inLanguage":"en-US","potentialAction":[{"@type":"ReadAction","target":["https:\/\/www.ucm.edu.co\/colaborador\/paula-marcela-duque-jaramillo\/"]}]},{"@type":"ImageObject","inLanguage":"en-US","@id":"https:\/\/www.ucm.edu.co\/colaborador\/paula-marcela-duque-jaramillo\/#primaryimage","url":"https:\/\/www.ucm.edu.co\/wp-content\/uploads\/2022\/02\/paula-marcela-duque-jaramillo.jpg","contentUrl":"https:\/\/www.ucm.edu.co\/wp-content\/uploads\/2022\/02\/paula-marcela-duque-jaramillo.jpg","width":600,"height":900},{"@type":"BreadcrumbList","@id":"https:\/\/www.ucm.edu.co\/colaborador\/paula-marcela-duque-jaramillo\/#breadcrumb","itemListElement":[{"@type":"ListItem","position":1,"name":"Portada","item":"https:\/\/www.ucm.edu.co\/"},{"@type":"ListItem","position":2,"name":"Colaboradores","item":"https:\/\/www.ucm.edu.co\/colaborador\/"},{"@type":"ListItem","position":3,"name":"Paula Marcela Duque Jaramillo"}]},{"@type":"WebSite","@id":"https:\/\/www.ucm.edu.co\/#website","url":"https:\/\/www.ucm.edu.co\/","name":"UCM - Universidad Cat\u00f3lica de Manizales","description":"Ven a ser quien quieres ser","publisher":{"@id":"https:\/\/www.ucm.edu.co\/#organization"},"alternateName":"UCM","potentialAction":[{"@type":"SearchAction","target":{"@type":"EntryPoint","urlTemplate":"https:\/\/www.ucm.edu.co\/?s={search_term_string}"},"query-input":{"@type":"PropertyValueSpecification","valueRequired":true,"valueName":"search_term_string"}}],"inLanguage":"en-US"},{"@type":"Organization","@id":"https:\/\/www.ucm.edu.co\/#organization","name":"Universidad Cat\u00f3lica de Manizales","alternateName":"UCM","url":"https:\/\/www.ucm.edu.co\/","logo":{"@type":"ImageObject","inLanguage":"en-US","@id":"https:\/\/www.ucm.edu.co\/#\/schema\/logo\/image\/","url":"https:\/\/www.ucm.edu.co\/wp-content\/uploads\/2021\/03\/favicon_ucm.png","contentUrl":"https:\/\/www.ucm.edu.co\/wp-content\/uploads\/2021\/03\/favicon_ucm.png","width":512,"height":512,"caption":"Universidad Cat\u00f3lica de Manizales"},"image":{"@id":"https:\/\/www.ucm.edu.co\/#\/schema\/logo\/image\/"},"sameAs":["https:\/\/www.facebook.com\/ucatolicamanizales","https:\/\/x.com\/ucm_manizales","https:\/\/www.instagram.com\/ucatolicamanizales\/","https:\/\/co.linkedin.com\/school\/ucatolicamanizales\/","https:\/\/www.youtube.com\/user\/UCMtelevision"]}]}},"_links":{"self":[{"href":"https:\/\/www.ucm.edu.co\/en\/wp-json\/wp\/v2\/colaboradores\/198065","targetHints":{"allow":["GET"]}}],"collection":[{"href":"https:\/\/www.ucm.edu.co\/en\/wp-json\/wp\/v2\/colaboradores"}],"about":[{"href":"https:\/\/www.ucm.edu.co\/en\/wp-json\/wp\/v2\/types\/colaborador"}],"wp:featuredmedia":[{"embeddable":true,"href":"https:\/\/www.ucm.edu.co\/en\/wp-json\/wp\/v2\/media\/198071"}],"wp:attachment":[{"href":"https:\/\/www.ucm.edu.co\/en\/wp-json\/wp\/v2\/media?parent=198065"}],"wp:term":[{"taxonomy":"cat_colaborador","embeddable":true,"href":"https:\/\/www.ucm.edu.co\/en\/wp-json\/wp\/v2\/cats_colaborador?post=198065"}],"curies":[{"name":"wp","href":"https:\/\/api.w.org\/{rel}","templated":true}]}}